{"id":1529,"date":"2022-06-02T12:23:02","date_gmt":"2022-06-02T12:23:02","guid":{"rendered":"https:\/\/bico.com\/se\/?page_id=1529"},"modified":"2026-04-30T09:42:03","modified_gmt":"2026-04-30T07:42:03","slug":"koncernledning","status":"publish","type":"page","link":"https:\/\/bico.com\/se\/investerare\/bolagsstyrning\/koncernledning\/","title":{"rendered":"Koncernledning"},"content":{"rendered":"\t\t<div data-elementor-type=\"wp-page\" data-elementor-id=\"1529\" class=\"elementor elementor-1529\" data-elementor-post-type=\"page\">\n\t\t\t\t\t\t<section class=\"elementor-section elementor-top-section elementor-element elementor-element-7fad7bf elementor-section-height-min-height elementor-section-items-top elementor-section-content-bottom elementor-section-boxed elementor-section-height-default\" data-id=\"7fad7bf\" data-element_type=\"section\">\n\t\t\t\t\t\t<div class=\"elementor-container elementor-column-gap-default\">\n\t\t\t\t\t<div class=\"elementor-column elementor-col-50 elementor-top-column elementor-element elementor-element-063847a\" data-id=\"063847a\" data-element_type=\"column\">\n\t\t\t<div class=\"elementor-widget-wrap elementor-element-populated\">\n\t\t\t\t\t\t<div class=\"elementor-element elementor-element-17ab7cd elementor-widget elementor-widget-image\" data-id=\"17ab7cd\" data-element_type=\"widget\" data-widget_type=\"image.default\">\n\t\t\t\t<div class=\"elementor-widget-container\">\n\t\t\t\t\t\t\t\t\t\t\t\t\t\t\t<img decoding=\"async\" src=\"https:\/\/bico.com\/se\/wp-content\/uploads\/sites\/2\/elementor\/thumbs\/Maria-Forss-scaled-r3ep2s0dlwylzb8hwbkz71f67s20tj84amnmn1m05c.jpeg\" title=\"Maria Forss\" alt=\"Maria Forss\" loading=\"lazy\" \/>\t\t\t\t\t\t\t\t\t\t\t\t\t\t\t<\/div>\n\t\t\t\t<\/div>\n\t\t\t\t<section class=\"elementor-section elementor-inner-section elementor-element elementor-element-6c20a2f elementor-section-boxed elementor-section-height-default elementor-section-height-default\" data-id=\"6c20a2f\" data-element_type=\"section\">\n\t\t\t\t\t\t<div class=\"elementor-container elementor-column-gap-default\">\n\t\t\t\t\t<div class=\"elementor-column elementor-col-100 elementor-inner-column elementor-element elementor-element-1172a4d\" data-id=\"1172a4d\" data-element_type=\"column\" data-settings=\"{&quot;background_background&quot;:&quot;classic&quot;}\">\n\t\t\t<div class=\"elementor-widget-wrap elementor-element-populated\">\n\t\t\t\t\t\t<div class=\"elementor-element elementor-element-3b611a8 elementor-widget elementor-widget-heading\" data-id=\"3b611a8\" data-element_type=\"widget\" data-widget_type=\"heading.default\">\n\t\t\t\t<div class=\"elementor-widget-container\">\n\t\t\t\t\t<h4 class=\"elementor-heading-title elementor-size-default\">Maria Forss<\/h4>\t\t\t\t<\/div>\n\t\t\t\t<\/div>\n\t\t\t\t<div class=\"elementor-element elementor-element-6f6cfa8 elementor-widget elementor-widget-text-editor\" data-id=\"6f6cfa8\" data-element_type=\"widget\" data-widget_type=\"text-editor.default\">\n\t\t\t\t<div class=\"elementor-widget-container\">\n\t\t\t\t\t\t\t\t\t<p><strong>VD och Koncernchef<\/strong><\/p>\t\t\t\t\t\t\t\t<\/div>\n\t\t\t\t<\/div>\n\t\t\t\t<div class=\"elementor-element elementor-element-6841a07 elementor-widget elementor-widget-toggle\" data-id=\"6841a07\" data-element_type=\"widget\" data-widget_type=\"toggle.default\">\n\t\t\t\t<div class=\"elementor-widget-container\">\n\t\t\t\t\t\t\t<div class=\"elementor-toggle\">\n\t\t\t\t\t\t\t<div class=\"elementor-toggle-item\">\n\t\t\t\t\t<div id=\"elementor-tab-title-1091\" class=\"elementor-tab-title\" data-tab=\"1\" role=\"button\" aria-controls=\"elementor-tab-content-1091\" aria-expanded=\"false\">\n\t\t\t\t\t\t\t\t\t\t\t\t<span class=\"elementor-toggle-icon elementor-toggle-icon-left\" aria-hidden=\"true\">\n\t\t\t\t\t\t\t\t\t\t\t\t\t\t\t<span class=\"elementor-toggle-icon-closed\"><i class=\"fas fa-chevron-down\"><\/i><\/span>\n\t\t\t\t\t\t\t\t<span class=\"elementor-toggle-icon-opened\"><i class=\"elementor-toggle-icon-opened fas fa-chevron-up\"><\/i><\/span>\n\t\t\t\t\t\t\t\t\t\t\t\t\t<\/span>\n\t\t\t\t\t\t\t\t\t\t\t\t<a class=\"elementor-toggle-title\" tabindex=\"0\">Mer info<\/a>\n\t\t\t\t\t<\/div>\n\n\t\t\t\t\t<div id=\"elementor-tab-content-1091\" class=\"elementor-tab-content elementor-clearfix\" data-tab=\"1\" role=\"region\" aria-labelledby=\"elementor-tab-title-1091\"><p>F\u00f6dd 1972. VD och Koncernchef sedan 2023.<\/p><p><strong><br \/>Utbildning och arbetslivserfarenhet:<\/strong><\/p><p>M.Sc Business Administration vid Handelsh\u00f6gskolan G\u00f6teborgs universitet, Sverige och vid Concordia University, Montreal Kanada. Executive Management Program p\u00e5 Stanford University, USA. Certifikat och avancerade kurser i styrelsearbete. Maria har \u00f6ver 30 \u00e5rs internationell erfarenhet fr\u00e5n ledande positioner inom koncernledningsniv\u00e5, aff\u00e4rsutveckling, strategisk marknadsf\u00f6ring och f\u00f6rs\u00e4ljning genom hela v\u00e4rdekedjan inom life science industrin f\u00f6r globala f\u00f6retag, exempelvis Vitrolife och AstraZeneca.<\/p><p><strong style=\"color: var( --e-global-color-c1ca941 ); font-family: var( --e-global-typography-text-font-family ), Sans-serif; background-color: var( --e-global-color-9a95f92 );\">\u00a0<\/strong><\/p><p><strong style=\"color: var( --e-global-color-c1ca941 ); font-family: var( --e-global-typography-text-font-family ), Sans-serif; background-color: var( --e-global-color-9a95f92 );\">\u00d6vriga nuvarande befattningar:<\/strong><\/p><p>Styrelseordf\u00f6rande i BICO International AB.<\/p><p><strong><br \/>Aktieinnehav i BICO:<\/strong><br \/>B-aktier: 62 308. Optioner: 332 000<\/p><\/div>\n\t\t\t\t<\/div>\n\t\t\t\t\t\t\t\t<\/div>\n\t\t\t\t\t\t<\/div>\n\t\t\t\t<\/div>\n\t\t\t\t\t<\/div>\n\t\t<\/div>\n\t\t\t\t\t<\/div>\n\t\t<\/section>\n\t\t\t\t\t<\/div>\n\t\t<\/div>\n\t\t\t\t<div class=\"elementor-column elementor-col-50 elementor-top-column elementor-element elementor-element-ee47b38\" data-id=\"ee47b38\" data-element_type=\"column\">\n\t\t\t<div class=\"elementor-widget-wrap elementor-element-populated\">\n\t\t\t\t\t\t<div class=\"elementor-element elementor-element-43ebeb9 elementor-widget elementor-widget-image\" data-id=\"43ebeb9\" data-element_type=\"widget\" data-widget_type=\"image.default\">\n\t\t\t\t<div class=\"elementor-widget-container\">\n\t\t\t\t\t\t\t\t\t\t\t\t\t\t\t<img decoding=\"async\" src=\"https:\/\/bico.com\/se\/wp-content\/uploads\/sites\/2\/elementor\/thumbs\/Ewa-Linsater-rk2g7ss0f22yeh6nnti44dq19au64m01ihnfk5ajpc.webp\" title=\"Ewa Lins\u00e4ter\" alt=\"Ewa Lins\u00e4ter\" loading=\"lazy\" \/>\t\t\t\t\t\t\t\t\t\t\t\t\t\t\t<\/div>\n\t\t\t\t<\/div>\n\t\t\t\t<section class=\"elementor-section elementor-inner-section elementor-element elementor-element-0211a55 elementor-section-boxed elementor-section-height-default elementor-section-height-default\" data-id=\"0211a55\" data-element_type=\"section\">\n\t\t\t\t\t\t<div class=\"elementor-container elementor-column-gap-default\">\n\t\t\t\t\t<div class=\"elementor-column elementor-col-100 elementor-inner-column elementor-element elementor-element-0533108\" data-id=\"0533108\" data-element_type=\"column\" data-settings=\"{&quot;background_background&quot;:&quot;classic&quot;}\">\n\t\t\t<div class=\"elementor-widget-wrap elementor-element-populated\">\n\t\t\t\t\t\t<div class=\"elementor-element elementor-element-6e4090d elementor-widget elementor-widget-heading\" data-id=\"6e4090d\" data-element_type=\"widget\" data-widget_type=\"heading.default\">\n\t\t\t\t<div class=\"elementor-widget-container\">\n\t\t\t\t\t<h4 class=\"elementor-heading-title elementor-size-default\">Ewa Lins\u00e4ter<\/h4>\t\t\t\t<\/div>\n\t\t\t\t<\/div>\n\t\t\t\t<div class=\"elementor-element elementor-element-ab39018 elementor-widget elementor-widget-text-editor\" data-id=\"ab39018\" data-element_type=\"widget\" data-widget_type=\"text-editor.default\">\n\t\t\t\t<div class=\"elementor-widget-container\">\n\t\t\t\t\t\t\t\t\t<p><strong>Chief Financial Officer (CFO)<\/strong><\/p>\t\t\t\t\t\t\t\t<\/div>\n\t\t\t\t<\/div>\n\t\t\t\t<div class=\"elementor-element elementor-element-c54ab00 elementor-widget elementor-widget-toggle\" data-id=\"c54ab00\" data-element_type=\"widget\" data-widget_type=\"toggle.default\">\n\t\t\t\t<div class=\"elementor-widget-container\">\n\t\t\t\t\t\t\t<div class=\"elementor-toggle\">\n\t\t\t\t\t\t\t<div class=\"elementor-toggle-item\">\n\t\t\t\t\t<div id=\"elementor-tab-title-2061\" class=\"elementor-tab-title\" data-tab=\"1\" role=\"button\" aria-controls=\"elementor-tab-content-2061\" aria-expanded=\"false\">\n\t\t\t\t\t\t\t\t\t\t\t\t<span class=\"elementor-toggle-icon elementor-toggle-icon-left\" aria-hidden=\"true\">\n\t\t\t\t\t\t\t\t\t\t\t\t\t\t\t<span class=\"elementor-toggle-icon-closed\"><i class=\"fas fa-chevron-down\"><\/i><\/span>\n\t\t\t\t\t\t\t\t<span class=\"elementor-toggle-icon-opened\"><i class=\"elementor-toggle-icon-opened fas fa-chevron-up\"><\/i><\/span>\n\t\t\t\t\t\t\t\t\t\t\t\t\t<\/span>\n\t\t\t\t\t\t\t\t\t\t\t\t<a class=\"elementor-toggle-title\" tabindex=\"0\">Mer info<\/a>\n\t\t\t\t\t<\/div>\n\n\t\t\t\t\t<div id=\"elementor-tab-content-2061\" class=\"elementor-tab-content elementor-clearfix\" data-tab=\"1\" role=\"region\" aria-labelledby=\"elementor-tab-title-2061\"><p>F\u00f6dd 1970. CFO sedan 2026.<\/p><p><strong>Utbildning och arbetslivserfarenhet:<\/strong><\/p><p>MBA fr\u00e5n Link\u00f6pings universitet. Mer \u00e4n 15 \u00e5rs erfarenhet av arbete som CFO. Senast Chief Accounting, Compliance and M&amp;A officer p\u00e5 Elos Medtech. Dessf\u00f6rinnan CFO p\u00e5 REAC Group, VP Finance Europe p\u00e5 Gunnebo och CFO p\u00e5 Ernstr\u00f6mgruppen AB samt revisor p\u00e5 PwC.<\/p><p><strong>\u00d6vriga styrelseuppdrag:<\/strong><\/p><p>Styrelseledamot i <span data-teams=\"true\">CELLINK Bioprinting AB, BICO International AB, <\/span>Sustainion Group <span class=\"TextRun SCXW105991526 BCX8\" lang=\"EN-US\" xml:lang=\"EN-US\" data-contrast=\"auto\"><span class=\"NormalTextRun SCXW105991526 BCX8\">och <\/span><\/span><span class=\"TextRun Highlight SCXW105991526 BCX8\" lang=\"EN-US\" xml:lang=\"EN-US\" data-contrast=\"auto\"><span class=\"NormalTextRun SpellingErrorV2Themed SpellingErrorHighlight SCXW105991526 BCX8\">EwLi<\/span><span class=\"NormalTextRun SCXW105991526 BCX8\">\u00a0Holding AB<\/span><\/span><\/p><p><strong>Aktieinnehav i BICO:<\/strong><br \/>B-aktier: 10 912<\/p><\/div>\n\t\t\t\t<\/div>\n\t\t\t\t\t\t\t\t<\/div>\n\t\t\t\t\t\t<\/div>\n\t\t\t\t<\/div>\n\t\t\t\t\t<\/div>\n\t\t<\/div>\n\t\t\t\t\t<\/div>\n\t\t<\/section>\n\t\t\t\t\t<\/div>\n\t\t<\/div>\n\t\t\t\t\t<\/div>\n\t\t<\/section>\n\t\t\t\t<section class=\"elementor-section elementor-top-section elementor-element elementor-element-e565bb2 elementor-section-height-min-height elementor-section-items-top elementor-section-content-top elementor-section-boxed elementor-section-height-default\" data-id=\"e565bb2\" data-element_type=\"section\">\n\t\t\t\t\t\t<div class=\"elementor-container elementor-column-gap-default\">\n\t\t\t\t\t<div class=\"elementor-column elementor-col-50 elementor-top-column elementor-element elementor-element-0881545\" data-id=\"0881545\" data-element_type=\"column\">\n\t\t\t<div class=\"elementor-widget-wrap elementor-element-populated\">\n\t\t\t\t\t\t<div class=\"elementor-element elementor-element-74c7294 elementor-widget elementor-widget-image\" data-id=\"74c7294\" data-element_type=\"widget\" data-widget_type=\"image.default\">\n\t\t\t\t<div class=\"elementor-widget-container\">\n\t\t\t\t\t\t\t\t\t\t\t\t\t\t\t<img fetchpriority=\"high\" decoding=\"async\" width=\"800\" height=\"800\" src=\"https:\/\/bico.com\/se\/wp-content\/uploads\/sites\/2\/2024\/06\/Anders-Fogelberg-BICO-Management.jpg\" class=\"attachment-full size-full wp-image-7676\" alt=\"\" srcset=\"https:\/\/bico.com\/se\/wp-content\/uploads\/sites\/2\/2024\/06\/Anders-Fogelberg-BICO-Management.jpg 800w, https:\/\/bico.com\/se\/wp-content\/uploads\/sites\/2\/2024\/06\/Anders-Fogelberg-BICO-Management-300x300.jpg 300w, https:\/\/bico.com\/se\/wp-content\/uploads\/sites\/2\/2024\/06\/Anders-Fogelberg-BICO-Management-150x150.jpg 150w, https:\/\/bico.com\/se\/wp-content\/uploads\/sites\/2\/2024\/06\/Anders-Fogelberg-BICO-Management-768x768.jpg 768w\" sizes=\"(max-width: 800px) 100vw, 800px\" \/>\t\t\t\t\t\t\t\t\t\t\t\t\t\t\t<\/div>\n\t\t\t\t<\/div>\n\t\t\t\t<section class=\"elementor-section elementor-inner-section elementor-element elementor-element-7364578 elementor-section-boxed elementor-section-height-default elementor-section-height-default\" data-id=\"7364578\" data-element_type=\"section\">\n\t\t\t\t\t\t<div class=\"elementor-container elementor-column-gap-default\">\n\t\t\t\t\t<div class=\"elementor-column elementor-col-100 elementor-inner-column elementor-element elementor-element-3c5e4dc\" data-id=\"3c5e4dc\" data-element_type=\"column\" data-settings=\"{&quot;background_background&quot;:&quot;classic&quot;}\">\n\t\t\t<div class=\"elementor-widget-wrap elementor-element-populated\">\n\t\t\t\t\t\t<div class=\"elementor-element elementor-element-c226951 elementor-widget elementor-widget-heading\" data-id=\"c226951\" data-element_type=\"widget\" data-widget_type=\"heading.default\">\n\t\t\t\t<div class=\"elementor-widget-container\">\n\t\t\t\t\t<h4 class=\"elementor-heading-title elementor-size-default\">Anders Fogelberg<\/h4>\t\t\t\t<\/div>\n\t\t\t\t<\/div>\n\t\t\t\t<div class=\"elementor-element elementor-element-dfcc824 elementor-widget elementor-widget-text-editor\" data-id=\"dfcc824\" data-element_type=\"widget\" data-widget_type=\"text-editor.default\">\n\t\t\t\t<div class=\"elementor-widget-container\">\n\t\t\t\t\t\t\t\t\t<strong>Chief Commercial Officer (CCO)<\/strong>\t\t\t\t\t\t\t\t<\/div>\n\t\t\t\t<\/div>\n\t\t\t\t<div class=\"elementor-element elementor-element-2f52626 elementor-widget elementor-widget-toggle\" data-id=\"2f52626\" data-element_type=\"widget\" data-widget_type=\"toggle.default\">\n\t\t\t\t<div class=\"elementor-widget-container\">\n\t\t\t\t\t\t\t<div class=\"elementor-toggle\">\n\t\t\t\t\t\t\t<div class=\"elementor-toggle-item\">\n\t\t\t\t\t<div id=\"elementor-tab-title-4961\" class=\"elementor-tab-title\" data-tab=\"1\" role=\"button\" aria-controls=\"elementor-tab-content-4961\" aria-expanded=\"false\">\n\t\t\t\t\t\t\t\t\t\t\t\t<span class=\"elementor-toggle-icon elementor-toggle-icon-left\" aria-hidden=\"true\">\n\t\t\t\t\t\t\t\t\t\t\t\t\t\t\t<span class=\"elementor-toggle-icon-closed\"><i class=\"fas fa-chevron-down\"><\/i><\/span>\n\t\t\t\t\t\t\t\t<span class=\"elementor-toggle-icon-opened\"><i class=\"elementor-toggle-icon-opened fas fa-chevron-up\"><\/i><\/span>\n\t\t\t\t\t\t\t\t\t\t\t\t\t<\/span>\n\t\t\t\t\t\t\t\t\t\t\t\t<a class=\"elementor-toggle-title\" tabindex=\"0\">Mer info<\/a>\n\t\t\t\t\t<\/div>\n\n\t\t\t\t\t<div id=\"elementor-tab-content-4961\" class=\"elementor-tab-content elementor-clearfix\" data-tab=\"1\" role=\"region\" aria-labelledby=\"elementor-tab-title-4961\"><p>F\u00f6dd 1975. CCO sedan 2024.<\/p><p><strong style=\"color: var( --e-global-color-c1ca941 ); font-family: var( --e-global-typography-text-font-family ), Sans-serif; background-color: var( --e-global-color-9a95f92 );\">\u00a0<\/strong><\/p><p><strong style=\"color: var( --e-global-color-c1ca941 ); font-family: var( --e-global-typography-text-font-family ), Sans-serif; background-color: var( --e-global-color-9a95f92 );\">Utbildning och\u00a0<\/strong><strong>arbetslivserfarenhet<\/strong><strong style=\"color: var( --e-global-color-c1ca941 ); font-family: var( --e-global-typography-text-font-family ), Sans-serif; background-color: var( --e-global-color-9a95f92 );\">:<\/strong><\/p><p><span class=\"ui-provider a b c d e f g h i j k l m n o p q r s t u v w x y z ab ac ae af ag ah ai aj ak\" dir=\"ltr\">M. Sc. Business Administration, G\u00f6teborgs universitet och WHU Koblenz, Tyskland. Han har omfattande internationell erfarenhet fr\u00e5n ledande befattningar inom SKF-koncernen i USA och d\u00e4refter VD-poster i Malaysia och Indonesien. Innan Anders b\u00f6rjade p\u00e5 BICO har han arbetat inom medicinteknikbranschen, nu senast som Marknads- och f\u00f6rs\u00e4ljningschef p\u00e5 Profundus och dessf\u00f6rinnan som VD p\u00e5 Bellman &amp; Symfon.<\/span><\/p><p><strong style=\"color: var( --e-global-color-c1ca941 ); font-family: var( --e-global-typography-text-font-family ), Sans-serif; background-color: var( --e-global-color-9a95f92 );\">\u00a0<\/strong><\/p><p><strong style=\"color: var( --e-global-color-c1ca941 ); font-family: var( --e-global-typography-text-font-family ), Sans-serif; background-color: var( --e-global-color-9a95f92 );\">\u00d6vriga styrelseuppdrag:<\/strong><\/p><p>Styrelseordf\u00f6rande i CELLINK Bioprinting AB.<\/p><p><b style=\"color: var( --e-global-color-c1ca941 ); font-family: var( --e-global-typography-text-font-family ), Sans-serif; background-color: var( --e-global-color-9a95f92 );\">\u00a0<\/b><\/p><p><b style=\"color: var( --e-global-color-c1ca941 ); font-family: var( --e-global-typography-text-font-family ), Sans-serif; background-color: var( --e-global-color-9a95f92 );\">Aktieinnehav i BICO:<\/b><\/p><p>B-aktier: 1 177. Optioner: 50 000<\/p><\/div>\n\t\t\t\t<\/div>\n\t\t\t\t\t\t\t\t<\/div>\n\t\t\t\t\t\t<\/div>\n\t\t\t\t<\/div>\n\t\t\t\t\t<\/div>\n\t\t<\/div>\n\t\t\t\t\t<\/div>\n\t\t<\/section>\n\t\t\t\t\t<\/div>\n\t\t<\/div>\n\t\t\t\t<div class=\"elementor-column elementor-col-50 elementor-top-column elementor-element elementor-element-14bb719\" data-id=\"14bb719\" data-element_type=\"column\">\n\t\t\t<div class=\"elementor-widget-wrap elementor-element-populated\">\n\t\t\t\t\t\t<div class=\"elementor-element elementor-element-a96d03f elementor-widget elementor-widget-image\" data-id=\"a96d03f\" data-element_type=\"widget\" data-widget_type=\"image.default\">\n\t\t\t\t<div class=\"elementor-widget-container\">\n\t\t\t\t\t\t\t\t\t\t\t\t\t\t\t<img decoding=\"async\" width=\"1080\" height=\"1080\" src=\"https:\/\/bico.com\/se\/wp-content\/uploads\/sites\/2\/2025\/09\/Lars-Risberg-BICO-Management.png\" class=\"attachment-full size-full wp-image-7901\" alt=\"\" srcset=\"https:\/\/bico.com\/se\/wp-content\/uploads\/sites\/2\/2025\/09\/Lars-Risberg-BICO-Management.png 1080w, https:\/\/bico.com\/se\/wp-content\/uploads\/sites\/2\/2025\/09\/Lars-Risberg-BICO-Management-300x300.png 300w, https:\/\/bico.com\/se\/wp-content\/uploads\/sites\/2\/2025\/09\/Lars-Risberg-BICO-Management-1024x1024.png 1024w, https:\/\/bico.com\/se\/wp-content\/uploads\/sites\/2\/2025\/09\/Lars-Risberg-BICO-Management-150x150.png 150w, https:\/\/bico.com\/se\/wp-content\/uploads\/sites\/2\/2025\/09\/Lars-Risberg-BICO-Management-768x768.png 768w\" sizes=\"(max-width: 1080px) 100vw, 1080px\" \/>\t\t\t\t\t\t\t\t\t\t\t\t\t\t\t<\/div>\n\t\t\t\t<\/div>\n\t\t\t\t<section class=\"elementor-section elementor-inner-section elementor-element elementor-element-19f43cc elementor-section-boxed elementor-section-height-default elementor-section-height-default\" data-id=\"19f43cc\" data-element_type=\"section\">\n\t\t\t\t\t\t<div class=\"elementor-container elementor-column-gap-default\">\n\t\t\t\t\t<div class=\"elementor-column elementor-col-100 elementor-inner-column elementor-element elementor-element-91cc97f\" data-id=\"91cc97f\" data-element_type=\"column\" data-settings=\"{&quot;background_background&quot;:&quot;classic&quot;}\">\n\t\t\t<div class=\"elementor-widget-wrap elementor-element-populated\">\n\t\t\t\t\t\t<div class=\"elementor-element elementor-element-a418345 elementor-widget elementor-widget-heading\" data-id=\"a418345\" data-element_type=\"widget\" data-widget_type=\"heading.default\">\n\t\t\t\t<div class=\"elementor-widget-container\">\n\t\t\t\t\t<h4 class=\"elementor-heading-title elementor-size-default\">Lars Risberg<\/h4>\t\t\t\t<\/div>\n\t\t\t\t<\/div>\n\t\t\t\t<div class=\"elementor-element elementor-element-472088e elementor-widget elementor-widget-text-editor\" data-id=\"472088e\" data-element_type=\"widget\" data-widget_type=\"text-editor.default\">\n\t\t\t\t<div class=\"elementor-widget-container\">\n\t\t\t\t\t\t\t\t\t<p><strong>Chefsjurist<\/strong><\/p>\t\t\t\t\t\t\t\t<\/div>\n\t\t\t\t<\/div>\n\t\t\t\t<div class=\"elementor-element elementor-element-9f617af elementor-widget elementor-widget-toggle\" data-id=\"9f617af\" data-element_type=\"widget\" data-widget_type=\"toggle.default\">\n\t\t\t\t<div class=\"elementor-widget-container\">\n\t\t\t\t\t\t\t<div class=\"elementor-toggle\">\n\t\t\t\t\t\t\t<div class=\"elementor-toggle-item\">\n\t\t\t\t\t<div id=\"elementor-tab-title-1671\" class=\"elementor-tab-title\" data-tab=\"1\" role=\"button\" aria-controls=\"elementor-tab-content-1671\" aria-expanded=\"false\">\n\t\t\t\t\t\t\t\t\t\t\t\t<span class=\"elementor-toggle-icon elementor-toggle-icon-left\" aria-hidden=\"true\">\n\t\t\t\t\t\t\t\t\t\t\t\t\t\t\t<span class=\"elementor-toggle-icon-closed\"><i class=\"fas fa-chevron-down\"><\/i><\/span>\n\t\t\t\t\t\t\t\t<span class=\"elementor-toggle-icon-opened\"><i class=\"elementor-toggle-icon-opened fas fa-chevron-up\"><\/i><\/span>\n\t\t\t\t\t\t\t\t\t\t\t\t\t<\/span>\n\t\t\t\t\t\t\t\t\t\t\t\t<a class=\"elementor-toggle-title\" tabindex=\"0\">Mer info<\/a>\n\t\t\t\t\t<\/div>\n\n\t\t\t\t\t<div id=\"elementor-tab-content-1671\" class=\"elementor-tab-content elementor-clearfix\" data-tab=\"1\" role=\"region\" aria-labelledby=\"elementor-tab-title-1671\"><p>F\u00f6dd 1968. Chefsjurist sedan 2025.<\/p><p><strong style=\"color: var( --e-global-color-c1ca941 ); font-family: var( --e-global-typography-text-font-family ), Sans-serif; background-color: var( --e-global-color-9a95f92 );\">\u00a0<\/strong><\/p><p><strong style=\"color: var( --e-global-color-c1ca941 ); font-family: var( --e-global-typography-text-font-family ), Sans-serif; background-color: var( --e-global-color-9a95f92 );\">Utbildning och\u00a0<\/strong><strong>arbetslivserfarenhet<\/strong><strong style=\"color: var( --e-global-color-c1ca941 ); font-family: var( --e-global-typography-text-font-family ), Sans-serif; background-color: var( --e-global-color-9a95f92 );\">:<\/strong><\/p><p>Jur.kand., G\u00f6teborgs universitet. \u00d6ver 20 \u00e5rs erfarenhet av arbete som chefsjurist och bitr\u00e4dande jurist, varav de senaste fyra \u00e5ren som chefsjurist f\u00f6r Vitrolife Group. Dessf\u00f6rinnan arbetade Lars som regionalt ansvarig bolagsjurist f\u00f6r nordv\u00e4stra Europa p\u00e5 Dekra och som bitr\u00e4dande jurist p\u00e5 Awa Patent och Setterwalls advokatbyr\u00e5.<\/p><p><strong style=\"color: var( --e-global-color-c1ca941 ); font-family: var( --e-global-typography-text-font-family ), Sans-serif; background-color: var( --e-global-color-9a95f92 );\">\u00a0<\/strong><\/p><p><strong style=\"color: var( --e-global-color-c1ca941 ); font-family: var( --e-global-typography-text-font-family ), Sans-serif; background-color: var( --e-global-color-9a95f92 );\">\u00d6vriga styrelseuppdrag:<\/strong><\/p><p>Styrelseledamot i BICO International AB och CELLINK Bioprinting AB.<\/p><p><b style=\"color: var( --e-global-color-c1ca941 ); font-family: var( --e-global-typography-text-font-family ), Sans-serif; background-color: var( --e-global-color-9a95f92 );\">\u00a0<\/b><\/p><p><b style=\"color: var( --e-global-color-c1ca941 ); font-family: var( --e-global-typography-text-font-family ), Sans-serif; background-color: var( --e-global-color-9a95f92 );\">Aktieinnehav i BICO:<\/b><\/p><p>Inget.<\/p><\/div>\n\t\t\t\t<\/div>\n\t\t\t\t\t\t\t\t<\/div>\n\t\t\t\t\t\t<\/div>\n\t\t\t\t<\/div>\n\t\t\t\t\t<\/div>\n\t\t<\/div>\n\t\t\t\t\t<\/div>\n\t\t<\/section>\n\t\t\t\t\t<\/div>\n\t\t<\/div>\n\t\t\t\t\t<\/div>\n\t\t<\/section>\n\t\t\t\t<section class=\"elementor-section elementor-top-section elementor-element elementor-element-d91c9ec elementor-section-height-min-height elementor-section-items-top elementor-section-content-top elementor-section-boxed elementor-section-height-default\" data-id=\"d91c9ec\" data-element_type=\"section\">\n\t\t\t\t\t\t<div class=\"elementor-container elementor-column-gap-default\">\n\t\t\t\t\t<div class=\"elementor-column elementor-col-50 elementor-top-column elementor-element elementor-element-71e6b1f\" data-id=\"71e6b1f\" data-element_type=\"column\">\n\t\t\t<div class=\"elementor-widget-wrap elementor-element-populated\">\n\t\t\t\t\t\t<div class=\"elementor-element elementor-element-f583dd0 elementor-widget elementor-widget-image\" data-id=\"f583dd0\" data-element_type=\"widget\" data-widget_type=\"image.default\">\n\t\t\t\t<div class=\"elementor-widget-container\">\n\t\t\t\t\t\t\t\t\t\t\t\t\t\t\t<img decoding=\"async\" width=\"800\" height=\"800\" src=\"https:\/\/bico.com\/se\/wp-content\/uploads\/sites\/2\/2024\/09\/Catharina-Nordlund-BICO-Management.jpg\" class=\"attachment-full size-full wp-image-7728\" alt=\"\" srcset=\"https:\/\/bico.com\/se\/wp-content\/uploads\/sites\/2\/2024\/09\/Catharina-Nordlund-BICO-Management.jpg 800w, https:\/\/bico.com\/se\/wp-content\/uploads\/sites\/2\/2024\/09\/Catharina-Nordlund-BICO-Management-300x300.jpg 300w, https:\/\/bico.com\/se\/wp-content\/uploads\/sites\/2\/2024\/09\/Catharina-Nordlund-BICO-Management-150x150.jpg 150w, https:\/\/bico.com\/se\/wp-content\/uploads\/sites\/2\/2024\/09\/Catharina-Nordlund-BICO-Management-768x768.jpg 768w\" sizes=\"(max-width: 800px) 100vw, 800px\" \/>\t\t\t\t\t\t\t\t\t\t\t\t\t\t\t<\/div>\n\t\t\t\t<\/div>\n\t\t\t\t<section class=\"elementor-section elementor-inner-section elementor-element elementor-element-b474646 elementor-section-boxed elementor-section-height-default elementor-section-height-default\" data-id=\"b474646\" data-element_type=\"section\">\n\t\t\t\t\t\t<div class=\"elementor-container elementor-column-gap-default\">\n\t\t\t\t\t<div class=\"elementor-column elementor-col-100 elementor-inner-column elementor-element elementor-element-99df21b\" data-id=\"99df21b\" data-element_type=\"column\" data-settings=\"{&quot;background_background&quot;:&quot;classic&quot;}\">\n\t\t\t<div class=\"elementor-widget-wrap elementor-element-populated\">\n\t\t\t\t\t\t<div class=\"elementor-element elementor-element-9c034d6 elementor-widget elementor-widget-heading\" data-id=\"9c034d6\" data-element_type=\"widget\" data-widget_type=\"heading.default\">\n\t\t\t\t<div class=\"elementor-widget-container\">\n\t\t\t\t\t<h4 class=\"elementor-heading-title elementor-size-default\">Catharina Nordlund<\/h4>\t\t\t\t<\/div>\n\t\t\t\t<\/div>\n\t\t\t\t<div class=\"elementor-element elementor-element-bf0ca77 elementor-widget elementor-widget-text-editor\" data-id=\"bf0ca77\" data-element_type=\"widget\" data-widget_type=\"text-editor.default\">\n\t\t\t\t<div class=\"elementor-widget-container\">\n\t\t\t\t\t\t\t\t\t<p><strong>Chief HR Officer<\/strong><\/p>\t\t\t\t\t\t\t\t<\/div>\n\t\t\t\t<\/div>\n\t\t\t\t<div class=\"elementor-element elementor-element-c56c17c elementor-widget elementor-widget-toggle\" data-id=\"c56c17c\" data-element_type=\"widget\" data-widget_type=\"toggle.default\">\n\t\t\t\t<div class=\"elementor-widget-container\">\n\t\t\t\t\t\t\t<div class=\"elementor-toggle\">\n\t\t\t\t\t\t\t<div class=\"elementor-toggle-item\">\n\t\t\t\t\t<div id=\"elementor-tab-title-2071\" class=\"elementor-tab-title\" data-tab=\"1\" role=\"button\" aria-controls=\"elementor-tab-content-2071\" aria-expanded=\"false\">\n\t\t\t\t\t\t\t\t\t\t\t\t<span class=\"elementor-toggle-icon elementor-toggle-icon-left\" aria-hidden=\"true\">\n\t\t\t\t\t\t\t\t\t\t\t\t\t\t\t<span class=\"elementor-toggle-icon-closed\"><i class=\"fas fa-chevron-down\"><\/i><\/span>\n\t\t\t\t\t\t\t\t<span class=\"elementor-toggle-icon-opened\"><i class=\"elementor-toggle-icon-opened fas fa-chevron-up\"><\/i><\/span>\n\t\t\t\t\t\t\t\t\t\t\t\t\t<\/span>\n\t\t\t\t\t\t\t\t\t\t\t\t<a class=\"elementor-toggle-title\" tabindex=\"0\">Mer info<\/a>\n\t\t\t\t\t<\/div>\n\n\t\t\t\t\t<div id=\"elementor-tab-content-2071\" class=\"elementor-tab-content elementor-clearfix\" data-tab=\"1\" role=\"region\" aria-labelledby=\"elementor-tab-title-2071\"><p>F\u00f6dd 1968. CHRO sedan 2024.<\/p>\n<p><strong style=\"color: var( --e-global-color-c1ca941 ); font-family: var( --e-global-typography-text-font-family ), Sans-serif; background-color: var( --e-global-color-9a95f92 );\">&nbsp;<\/strong><\/p>\n<p><strong style=\"color: var( --e-global-color-c1ca941 ); font-family: var( --e-global-typography-text-font-family ), Sans-serif; background-color: var( --e-global-color-9a95f92 );\">Utbildning och&nbsp;<\/strong><strong>arbetslivserfarenhet<\/strong><strong style=\"color: var( --e-global-color-c1ca941 ); font-family: var( --e-global-typography-text-font-family ), Sans-serif; background-color: var( --e-global-color-9a95f92 );\">:<\/strong><\/p>\n<p>Sjuksk\u00f6terskeexamen, \u00d6rebro universitet och Human Resources-specialist, Sensus. Mer \u00e4n 25 \u00e5rs erfarenhet av Human Resources (HR), Learning &amp; Development samt f\u00f6rs\u00e4ljning och marknadsf\u00f6ring i globala organisationer. Hon har tidigare haft en rad olika befattningar inom medicinteknik och life science p\u00e5 bolag som Cochlear Bone Anchored Solutions, M\u00f6lnlycke Health Care, Pfizer och VP Global HR p\u00e5 Surgical Science.<\/p>\n<p><strong style=\"color: var( --e-global-color-c1ca941 ); font-family: var( --e-global-typography-text-font-family ), Sans-serif; background-color: var( --e-global-color-9a95f92 );\">&nbsp;<\/strong><\/p>\n<p><strong style=\"color: var( --e-global-color-c1ca941 ); font-family: var( --e-global-typography-text-font-family ), Sans-serif; background-color: var( --e-global-color-9a95f92 );\">\u00d6vriga styrelseuppdrag:<\/strong><\/p>\n<p>Inga.<\/p>\n<p><b style=\"color: var( --e-global-color-c1ca941 ); font-family: var( --e-global-typography-text-font-family ), Sans-serif; background-color: var( --e-global-color-9a95f92 );\">&nbsp;<\/b><\/p>\n<p><b style=\"color: var( --e-global-color-c1ca941 ); font-family: var( --e-global-typography-text-font-family ), Sans-serif; background-color: var( --e-global-color-9a95f92 );\">Aktieinnehav i BICO:<\/b><\/p>\n<p>B-aktier: 3 700. Optioner: 10 000<\/p><\/div>\n\t\t\t\t<\/div>\n\t\t\t\t\t\t\t\t<\/div>\n\t\t\t\t\t\t<\/div>\n\t\t\t\t<\/div>\n\t\t\t\t\t<\/div>\n\t\t<\/div>\n\t\t\t\t\t<\/div>\n\t\t<\/section>\n\t\t\t\t\t<\/div>\n\t\t<\/div>\n\t\t\t\t<div class=\"elementor-column elementor-col-50 elementor-top-column elementor-element elementor-element-384a403\" data-id=\"384a403\" data-element_type=\"column\">\n\t\t\t<div class=\"elementor-widget-wrap elementor-element-populated\">\n\t\t\t\t\t\t<div class=\"elementor-element elementor-element-738b2ea elementor-widget elementor-widget-image\" data-id=\"738b2ea\" data-element_type=\"widget\" data-widget_type=\"image.default\">\n\t\t\t\t<div class=\"elementor-widget-container\">\n\t\t\t\t\t\t\t\t\t\t\t\t\t\t\t<img loading=\"lazy\" decoding=\"async\" width=\"1067\" height=\"1067\" src=\"https:\/\/bico.com\/se\/wp-content\/uploads\/sites\/2\/2026\/01\/Jesper-Hagberg.jpg\" class=\"attachment-full size-full wp-image-7918\" alt=\"\" srcset=\"https:\/\/bico.com\/se\/wp-content\/uploads\/sites\/2\/2026\/01\/Jesper-Hagberg.jpg 1067w, https:\/\/bico.com\/se\/wp-content\/uploads\/sites\/2\/2026\/01\/Jesper-Hagberg-300x300.jpg 300w, https:\/\/bico.com\/se\/wp-content\/uploads\/sites\/2\/2026\/01\/Jesper-Hagberg-1024x1024.jpg 1024w, https:\/\/bico.com\/se\/wp-content\/uploads\/sites\/2\/2026\/01\/Jesper-Hagberg-150x150.jpg 150w, https:\/\/bico.com\/se\/wp-content\/uploads\/sites\/2\/2026\/01\/Jesper-Hagberg-768x768.jpg 768w\" sizes=\"(max-width: 1067px) 100vw, 1067px\" \/>\t\t\t\t\t\t\t\t\t\t\t\t\t\t\t<\/div>\n\t\t\t\t<\/div>\n\t\t\t\t<section class=\"elementor-section elementor-inner-section elementor-element elementor-element-e0dae55 elementor-section-boxed elementor-section-height-default elementor-section-height-default\" data-id=\"e0dae55\" data-element_type=\"section\">\n\t\t\t\t\t\t<div class=\"elementor-container elementor-column-gap-default\">\n\t\t\t\t\t<div class=\"elementor-column elementor-col-100 elementor-inner-column elementor-element elementor-element-0635152\" data-id=\"0635152\" data-element_type=\"column\" data-settings=\"{&quot;background_background&quot;:&quot;classic&quot;}\">\n\t\t\t<div class=\"elementor-widget-wrap elementor-element-populated\">\n\t\t\t\t\t\t<div class=\"elementor-element elementor-element-db2fda7 elementor-widget elementor-widget-heading\" data-id=\"db2fda7\" data-element_type=\"widget\" data-widget_type=\"heading.default\">\n\t\t\t\t<div class=\"elementor-widget-container\">\n\t\t\t\t\t<h4 class=\"elementor-heading-title elementor-size-default\">Jesper Hagberg<\/h4>\t\t\t\t<\/div>\n\t\t\t\t<\/div>\n\t\t\t\t<div class=\"elementor-element elementor-element-c81e2e2 elementor-widget elementor-widget-text-editor\" data-id=\"c81e2e2\" data-element_type=\"widget\" data-widget_type=\"text-editor.default\">\n\t\t\t\t<div class=\"elementor-widget-container\">\n\t\t\t\t\t\t\t\t\t<strong>Chief Operations &#038; Digital Officer (CODO)<\/strong>\t\t\t\t\t\t\t\t<\/div>\n\t\t\t\t<\/div>\n\t\t\t\t<div class=\"elementor-element elementor-element-3ac6905 elementor-widget elementor-widget-toggle\" data-id=\"3ac6905\" data-element_type=\"widget\" data-widget_type=\"toggle.default\">\n\t\t\t\t<div class=\"elementor-widget-container\">\n\t\t\t\t\t\t\t<div class=\"elementor-toggle\">\n\t\t\t\t\t\t\t<div class=\"elementor-toggle-item\">\n\t\t\t\t\t<div id=\"elementor-tab-title-6161\" class=\"elementor-tab-title\" data-tab=\"1\" role=\"button\" aria-controls=\"elementor-tab-content-6161\" aria-expanded=\"false\">\n\t\t\t\t\t\t\t\t\t\t\t\t<span class=\"elementor-toggle-icon elementor-toggle-icon-left\" aria-hidden=\"true\">\n\t\t\t\t\t\t\t\t\t\t\t\t\t\t\t<span class=\"elementor-toggle-icon-closed\"><i class=\"fas fa-chevron-down\"><\/i><\/span>\n\t\t\t\t\t\t\t\t<span class=\"elementor-toggle-icon-opened\"><i class=\"elementor-toggle-icon-opened fas fa-chevron-up\"><\/i><\/span>\n\t\t\t\t\t\t\t\t\t\t\t\t\t<\/span>\n\t\t\t\t\t\t\t\t\t\t\t\t<a class=\"elementor-toggle-title\" tabindex=\"0\">Mer info<\/a>\n\t\t\t\t\t<\/div>\n\n\t\t\t\t\t<div id=\"elementor-tab-content-6161\" class=\"elementor-tab-content elementor-clearfix\" data-tab=\"1\" role=\"region\" aria-labelledby=\"elementor-tab-title-6161\"><p>F\u00f6dd 1969. Chief Operations &amp; Digital Officer sedan 2026.<\/p><p><strong style=\"color: var( --e-global-color-c1ca941 ); font-family: var( --e-global-typography-text-font-family ), Sans-serif; background-color: var( --e-global-color-9a95f92 );\">\u00a0<\/strong><\/p><p><strong style=\"color: var( --e-global-color-c1ca941 ); font-family: var( --e-global-typography-text-font-family ), Sans-serif; background-color: var( --e-global-color-9a95f92 );\">Utbildning och\u00a0<\/strong><strong>arbetslivserfarenhet<\/strong><strong style=\"color: var( --e-global-color-c1ca941 ); font-family: var( --e-global-typography-text-font-family ), Sans-serif; background-color: var( --e-global-color-9a95f92 );\">:<\/strong><\/p><p>B. Sc. i datavetenskap och M. Sc. Business Adminstration and Economics, H\u00f6gskolan i Bor\u00e5s. \u00d6ver 25 \u00e5rs erfarenhet som CIO, CDO och Transformationsledare, och har drivit stora transformationsprogram i globala organisationer. Senast Program Director p\u00e5 FLSmidth Group. Dessf\u00f6rinnan CIO\/CDO och PMO p\u00e5 Jula Group, seniora exekutiva roller som managementkonsult och p\u00e5 Clariant International AG, inklusive som VD f\u00f6r den nordiska regionen och Global Head of Operational Excellence.<\/p><p><strong style=\"color: var( --e-global-color-c1ca941 ); font-family: var( --e-global-typography-text-font-family ), Sans-serif; background-color: var( --e-global-color-9a95f92 );\">\u00a0<\/strong><\/p><p><strong style=\"color: var( --e-global-color-c1ca941 ); font-family: var( --e-global-typography-text-font-family ), Sans-serif; background-color: var( --e-global-color-9a95f92 );\">\u00d6vriga styrelseuppdrag:<\/strong><\/p><p>Styrelseledamot, Convrt Consulting Group AB<\/p><p><b style=\"color: var( --e-global-color-c1ca941 ); font-family: var( --e-global-typography-text-font-family ), Sans-serif; background-color: var( --e-global-color-9a95f92 );\">\u00a0<\/b><\/p><p><b style=\"color: var( --e-global-color-c1ca941 ); font-family: var( --e-global-typography-text-font-family ), Sans-serif; background-color: var( --e-global-color-9a95f92 );\">Aktieinnehav i BICO:<\/b><\/p><p>B-aktier: 10 000.<\/p><\/div>\n\t\t\t\t<\/div>\n\t\t\t\t\t\t\t\t<\/div>\n\t\t\t\t\t\t<\/div>\n\t\t\t\t<\/div>\n\t\t\t\t\t<\/div>\n\t\t<\/div>\n\t\t\t\t\t<\/div>\n\t\t<\/section>\n\t\t\t\t\t<\/div>\n\t\t<\/div>\n\t\t\t\t\t<\/div>\n\t\t<\/section>\n\t\t\t\t<\/div>\n\t\t","protected":false},"excerpt":{"rendered":"<p>Maria Forss VD och Koncernchef Mer info F\u00f6dd 1972. VD och Koncernchef sedan 2023. Utbildning och arbetslivserfarenhet: M.Sc Business Administration vid Handelsh\u00f6gskolan G\u00f6teborgs universitet, Sverige och vid Concordia University, Montreal Kanada. Executive Management Program p\u00e5 Stanford University, USA. Certifikat och avancerade kurser i styrelsearbete. Maria har \u00f6ver 30 \u00e5rs internationell erfarenhet fr\u00e5n ledande positioner inom [&hellip;]<\/p>\n","protected":false},"author":4,"featured_media":4937,"parent":1521,"menu_order":0,"comment_status":"closed","ping_status":"closed","template":"","meta":{"_acf_changed":false,"content-type":"","footnotes":""},"class_list":["post-1529","page","type-page","status-publish","has-post-thumbnail","hentry"],"acf":[],"yoast_head":"<!-- This site is optimized with the Yoast SEO Premium plugin v19.3 (Yoast SEO v24.8.1) - https:\/\/yoast.com\/wordpress\/plugins\/seo\/ -->\n<title>Koncernledning - BICO Sverige<\/title>\n<meta name=\"description\" content=\"H\u00e4r hittar du information om samtliga medlemmar ur BICO Group AB&#039;s verkst\u00e4llande ledning.\" \/>\n<meta name=\"robots\" content=\"index, follow, max-snippet:-1, max-image-preview:large, max-video-preview:-1\" \/>\n<link rel=\"canonical\" href=\"https:\/\/bico.com\/se\/investerare\/bolagsstyrning\/koncernledning\/\" \/>\n<meta property=\"og:locale\" content=\"sv_SE\" \/>\n<meta property=\"og:type\" content=\"article\" \/>\n<meta property=\"og:title\" content=\"Koncernledning\" \/>\n<meta property=\"og:description\" content=\"H\u00e4r hittar du information om samtliga medlemmar ur BICO Group AB&#039;s verkst\u00e4llande ledning.\" \/>\n<meta property=\"og:url\" content=\"https:\/\/bico.com\/se\/investerare\/bolagsstyrning\/koncernledning\/\" \/>\n<meta property=\"og:site_name\" content=\"BICO Sverige\" \/>\n<meta property=\"article:publisher\" content=\"https:\/\/www.facebook.com\/bico.group.ab\" \/>\n<meta property=\"article:modified_time\" content=\"2026-04-30T07:42:03+00:00\" \/>\n<meta property=\"og:image\" content=\"https:\/\/bico.com\/se\/wp-content\/uploads\/sites\/2\/2022\/09\/IMG3454-kopiera-1024x683-1.jpeg\" \/>\n\t<meta property=\"og:image:width\" content=\"1024\" \/>\n\t<meta property=\"og:image:height\" content=\"683\" \/>\n\t<meta property=\"og:image:type\" content=\"image\/jpeg\" \/>\n<meta name=\"twitter:card\" content=\"summary_large_image\" \/>\n<meta name=\"twitter:site\" content=\"@theBICOgroup\" \/>\n<meta name=\"twitter:label1\" content=\"Ber\u00e4knad l\u00e4stid\" \/>\n\t<meta name=\"twitter:data1\" content=\"4 minuter\" \/>\n<script type=\"application\/ld+json\" class=\"yoast-schema-graph\">{\"@context\":\"https:\/\/schema.org\",\"@graph\":[{\"@type\":\"WebPage\",\"@id\":\"https:\/\/bico.com\/se\/investerare\/bolagsstyrning\/koncernledning\/\",\"url\":\"https:\/\/bico.com\/se\/investerare\/bolagsstyrning\/koncernledning\/\",\"name\":\"Koncernledning - BICO Sverige\",\"isPartOf\":{\"@id\":\"https:\/\/bico.com\/se\/#website\"},\"primaryImageOfPage\":{\"@id\":\"https:\/\/bico.com\/se\/investerare\/bolagsstyrning\/koncernledning\/#primaryimage\"},\"image\":{\"@id\":\"https:\/\/bico.com\/se\/investerare\/bolagsstyrning\/koncernledning\/#primaryimage\"},\"thumbnailUrl\":\"https:\/\/bico.com\/se\/wp-content\/uploads\/sites\/2\/2022\/09\/IMG3454-kopiera-1024x683-1.jpeg\",\"datePublished\":\"2022-06-02T12:23:02+00:00\",\"dateModified\":\"2026-04-30T07:42:03+00:00\",\"description\":\"H\u00e4r hittar du information om samtliga medlemmar ur BICO Group AB's verkst\u00e4llande ledning.\",\"breadcrumb\":{\"@id\":\"https:\/\/bico.com\/se\/investerare\/bolagsstyrning\/koncernledning\/#breadcrumb\"},\"inLanguage\":\"sv-SE\",\"potentialAction\":[{\"@type\":\"ReadAction\",\"target\":[\"https:\/\/bico.com\/se\/investerare\/bolagsstyrning\/koncernledning\/\"]}]},{\"@type\":\"ImageObject\",\"inLanguage\":\"sv-SE\",\"@id\":\"https:\/\/bico.com\/se\/investerare\/bolagsstyrning\/koncernledning\/#primaryimage\",\"url\":\"https:\/\/bico.com\/se\/wp-content\/uploads\/sites\/2\/2022\/09\/IMG3454-kopiera-1024x683-1.jpeg\",\"contentUrl\":\"https:\/\/bico.com\/se\/wp-content\/uploads\/sites\/2\/2022\/09\/IMG3454-kopiera-1024x683-1.jpeg\",\"width\":1024,\"height\":683},{\"@type\":\"BreadcrumbList\",\"@id\":\"https:\/\/bico.com\/se\/investerare\/bolagsstyrning\/koncernledning\/#breadcrumb\",\"itemListElement\":[{\"@type\":\"ListItem\",\"position\":1,\"name\":\"Hem\",\"item\":\"https:\/\/bico.com\/se\/\"},{\"@type\":\"ListItem\",\"position\":2,\"name\":\"Investerare\",\"item\":\"https:\/\/bico.com\/se\/investerare\/\"},{\"@type\":\"ListItem\",\"position\":3,\"name\":\"Bolagsstyrning\",\"item\":\"https:\/\/bico.com\/se\/investerare\/bolagsstyrning\/\"},{\"@type\":\"ListItem\",\"position\":4,\"name\":\"Koncernledning\"}]},{\"@type\":\"WebSite\",\"@id\":\"https:\/\/bico.com\/se\/#website\",\"url\":\"https:\/\/bico.com\/se\/\",\"name\":\"BICO Sverige\",\"description\":\"Vi m\u00f6jligg\u00f6r och automatiserar framtidens life-science lab\",\"publisher\":{\"@id\":\"https:\/\/bico.com\/se\/#organization\"},\"potentialAction\":[{\"@type\":\"SearchAction\",\"target\":{\"@type\":\"EntryPoint\",\"urlTemplate\":\"https:\/\/bico.com\/se\/?s={search_term_string}\"},\"query-input\":{\"@type\":\"PropertyValueSpecification\",\"valueRequired\":true,\"valueName\":\"search_term_string\"}}],\"inLanguage\":\"sv-SE\"},{\"@type\":\"Organization\",\"@id\":\"https:\/\/bico.com\/se\/#organization\",\"name\":\"BICO Group AB\",\"url\":\"https:\/\/bico.com\/se\/\",\"logo\":{\"@type\":\"ImageObject\",\"inLanguage\":\"sv-SE\",\"@id\":\"https:\/\/bico.com\/se\/#\/schema\/logo\/image\/\",\"url\":\"https:\/\/bico.com\/se\/wp-content\/uploads\/sites\/2\/2021\/07\/press-bico-logo.png\",\"contentUrl\":\"https:\/\/bico.com\/se\/wp-content\/uploads\/sites\/2\/2021\/07\/press-bico-logo.png\",\"width\":1920,\"height\":1280,\"caption\":\"BICO Group AB\"},\"image\":{\"@id\":\"https:\/\/bico.com\/se\/#\/schema\/logo\/image\/\"},\"sameAs\":[\"https:\/\/www.facebook.com\/bico.group.ab\",\"https:\/\/x.com\/theBICOgroup\",\"https:\/\/www.instagram.com\/bicogroup_\/\",\"https:\/\/www.linkedin.com\/company\/bico\/\"]}]}<\/script>\n<!-- \/ Yoast SEO Premium plugin. -->","yoast_head_json":{"title":"Koncernledning - BICO Sverige","description":"H\u00e4r hittar du information om samtliga medlemmar ur BICO Group AB's verkst\u00e4llande ledning.","robots":{"index":"index","follow":"follow","max-snippet":"max-snippet:-1","max-image-preview":"max-image-preview:large","max-video-preview":"max-video-preview:-1"},"canonical":"https:\/\/bico.com\/se\/investerare\/bolagsstyrning\/koncernledning\/","og_locale":"sv_SE","og_type":"article","og_title":"Koncernledning","og_description":"H\u00e4r hittar du information om samtliga medlemmar ur BICO Group AB's verkst\u00e4llande ledning.","og_url":"https:\/\/bico.com\/se\/investerare\/bolagsstyrning\/koncernledning\/","og_site_name":"BICO Sverige","article_publisher":"https:\/\/www.facebook.com\/bico.group.ab","article_modified_time":"2026-04-30T07:42:03+00:00","og_image":[{"width":1024,"height":683,"url":"https:\/\/bico.com\/se\/wp-content\/uploads\/sites\/2\/2022\/09\/IMG3454-kopiera-1024x683-1.jpeg","type":"image\/jpeg"}],"twitter_card":"summary_large_image","twitter_site":"@theBICOgroup","twitter_misc":{"Ber\u00e4knad l\u00e4stid":"4 minuter"},"schema":{"@context":"https:\/\/schema.org","@graph":[{"@type":"WebPage","@id":"https:\/\/bico.com\/se\/investerare\/bolagsstyrning\/koncernledning\/","url":"https:\/\/bico.com\/se\/investerare\/bolagsstyrning\/koncernledning\/","name":"Koncernledning - BICO Sverige","isPartOf":{"@id":"https:\/\/bico.com\/se\/#website"},"primaryImageOfPage":{"@id":"https:\/\/bico.com\/se\/investerare\/bolagsstyrning\/koncernledning\/#primaryimage"},"image":{"@id":"https:\/\/bico.com\/se\/investerare\/bolagsstyrning\/koncernledning\/#primaryimage"},"thumbnailUrl":"https:\/\/bico.com\/se\/wp-content\/uploads\/sites\/2\/2022\/09\/IMG3454-kopiera-1024x683-1.jpeg","datePublished":"2022-06-02T12:23:02+00:00","dateModified":"2026-04-30T07:42:03+00:00","description":"H\u00e4r hittar du information om samtliga medlemmar ur BICO Group AB's verkst\u00e4llande ledning.","breadcrumb":{"@id":"https:\/\/bico.com\/se\/investerare\/bolagsstyrning\/koncernledning\/#breadcrumb"},"inLanguage":"sv-SE","potentialAction":[{"@type":"ReadAction","target":["https:\/\/bico.com\/se\/investerare\/bolagsstyrning\/koncernledning\/"]}]},{"@type":"ImageObject","inLanguage":"sv-SE","@id":"https:\/\/bico.com\/se\/investerare\/bolagsstyrning\/koncernledning\/#primaryimage","url":"https:\/\/bico.com\/se\/wp-content\/uploads\/sites\/2\/2022\/09\/IMG3454-kopiera-1024x683-1.jpeg","contentUrl":"https:\/\/bico.com\/se\/wp-content\/uploads\/sites\/2\/2022\/09\/IMG3454-kopiera-1024x683-1.jpeg","width":1024,"height":683},{"@type":"BreadcrumbList","@id":"https:\/\/bico.com\/se\/investerare\/bolagsstyrning\/koncernledning\/#breadcrumb","itemListElement":[{"@type":"ListItem","position":1,"name":"Hem","item":"https:\/\/bico.com\/se\/"},{"@type":"ListItem","position":2,"name":"Investerare","item":"https:\/\/bico.com\/se\/investerare\/"},{"@type":"ListItem","position":3,"name":"Bolagsstyrning","item":"https:\/\/bico.com\/se\/investerare\/bolagsstyrning\/"},{"@type":"ListItem","position":4,"name":"Koncernledning"}]},{"@type":"WebSite","@id":"https:\/\/bico.com\/se\/#website","url":"https:\/\/bico.com\/se\/","name":"BICO Sverige","description":"Vi m\u00f6jligg\u00f6r och automatiserar framtidens life-science lab","publisher":{"@id":"https:\/\/bico.com\/se\/#organization"},"potentialAction":[{"@type":"SearchAction","target":{"@type":"EntryPoint","urlTemplate":"https:\/\/bico.com\/se\/?s={search_term_string}"},"query-input":{"@type":"PropertyValueSpecification","valueRequired":true,"valueName":"search_term_string"}}],"inLanguage":"sv-SE"},{"@type":"Organization","@id":"https:\/\/bico.com\/se\/#organization","name":"BICO Group AB","url":"https:\/\/bico.com\/se\/","logo":{"@type":"ImageObject","inLanguage":"sv-SE","@id":"https:\/\/bico.com\/se\/#\/schema\/logo\/image\/","url":"https:\/\/bico.com\/se\/wp-content\/uploads\/sites\/2\/2021\/07\/press-bico-logo.png","contentUrl":"https:\/\/bico.com\/se\/wp-content\/uploads\/sites\/2\/2021\/07\/press-bico-logo.png","width":1920,"height":1280,"caption":"BICO Group AB"},"image":{"@id":"https:\/\/bico.com\/se\/#\/schema\/logo\/image\/"},"sameAs":["https:\/\/www.facebook.com\/bico.group.ab","https:\/\/x.com\/theBICOgroup","https:\/\/www.instagram.com\/bicogroup_\/","https:\/\/www.linkedin.com\/company\/bico\/"]}]}},"_links":{"self":[{"href":"https:\/\/bico.com\/se\/wp-json\/wp\/v2\/pages\/1529","targetHints":{"allow":["GET"]}}],"collection":[{"href":"https:\/\/bico.com\/se\/wp-json\/wp\/v2\/pages"}],"about":[{"href":"https:\/\/bico.com\/se\/wp-json\/wp\/v2\/types\/page"}],"author":[{"embeddable":true,"href":"https:\/\/bico.com\/se\/wp-json\/wp\/v2\/users\/4"}],"replies":[{"embeddable":true,"href":"https:\/\/bico.com\/se\/wp-json\/wp\/v2\/comments?post=1529"}],"version-history":[{"count":0,"href":"https:\/\/bico.com\/se\/wp-json\/wp\/v2\/pages\/1529\/revisions"}],"up":[{"embeddable":true,"href":"https:\/\/bico.com\/se\/wp-json\/wp\/v2\/pages\/1521"}],"wp:featuredmedia":[{"embeddable":true,"href":"https:\/\/bico.com\/se\/wp-json\/wp\/v2\/media\/4937"}],"wp:attachment":[{"href":"https:\/\/bico.com\/se\/wp-json\/wp\/v2\/media?parent=1529"}],"curies":[{"name":"wp","href":"https:\/\/api.w.org\/{rel}","templated":true}]}}